{"id":17647,"date":"2023-01-04T13:38:47","date_gmt":"2023-01-04T13:38:47","guid":{"rendered":"https:\/\/www.uprrp.edu\/archivouniversitario\/?page_id=17647"},"modified":"2023-01-11T17:03:37","modified_gmt":"2023-01-11T17:03:37","slug":"bellas-artes","status":"publish","type":"page","link":"https:\/\/www.uprrp.edu\/archivouniversitario\/proyectos\/proyecto-de-academicas-y-figuras-destacadas-de-la-universidad-de-puerto-rico\/bellas-artes\/","title":{"rendered":"Bellas Artes"},"content":{"rendered":"\t\t<div data-elementor-type=\"wp-page\" data-elementor-id=\"17647\" class=\"elementor elementor-17647\">\n\t\t\t\t\t\t<section class=\"elementor-section elementor-top-section elementor-element elementor-element-514852cc elementor-section-boxed elementor-section-height-default elementor-section-height-default\" data-id=\"514852cc\" data-element_type=\"section\" data-e-type=\"section\">\n\t\t\t\t\t\t<div class=\"elementor-container elementor-column-gap-default\">\n\t\t\t\t\t<div class=\"elementor-column elementor-col-100 elementor-top-column elementor-element elementor-element-34a0efdd\" data-id=\"34a0efdd\" data-element_type=\"column\" data-e-type=\"column\">\n\t\t\t<div class=\"elementor-widget-wrap elementor-element-populated\">\n\t\t\t\t\t\t<div class=\"elementor-element elementor-element-d05bc6d elementor-arrows-position-inside elementor-pagination-position-outside elementor-widget elementor-widget-image-carousel\" data-id=\"d05bc6d\" data-element_type=\"widget\" data-e-type=\"widget\" data-settings=\"{&quot;navigation&quot;:&quot;both&quot;,&quot;autoplay&quot;:&quot;yes&quot;,&quot;pause_on_hover&quot;:&quot;yes&quot;,&quot;pause_on_interaction&quot;:&quot;yes&quot;,&quot;autoplay_speed&quot;:5000,&quot;infinite&quot;:&quot;yes&quot;,&quot;speed&quot;:500}\" data-widget_type=\"image-carousel.default\">\n\t\t\t\t<div class=\"elementor-widget-container\">\n\t\t\t\t\t\t\t<div class=\"elementor-image-carousel-wrapper swiper\" role=\"region\" aria-roledescription=\"carousel\" aria-label=\"Image Carousel\" dir=\"ltr\">\n\t\t\t<div class=\"elementor-image-carousel swiper-wrapper\" aria-live=\"off\">\n\t\t\t\t\t\t\t\t<div class=\"swiper-slide\" role=\"group\" aria-roledescription=\"slide\" aria-label=\"1 of 3\"><figure class=\"swiper-slide-inner\"><img decoding=\"async\" class=\"swiper-slide-image\" src=\"https:\/\/www.uprrp.edu\/archivouniversitario\/wp-content\/uploads\/sites\/21\/2023\/01\/Basso-Ana-Margarita-1959-295x300.jpg\" alt=\"Ana Margarita Bass\u00f3\" \/><\/figure><\/div><div class=\"swiper-slide\" role=\"group\" aria-roledescription=\"slide\" aria-label=\"2 of 3\"><figure class=\"swiper-slide-inner\"><img decoding=\"async\" class=\"swiper-slide-image\" src=\"https:\/\/www.uprrp.edu\/archivouniversitario\/wp-content\/uploads\/sites\/21\/2023\/01\/Geigel-Luisa-1968-297x300.jpg\" alt=\"Luisa Geigel\" \/><\/figure><\/div><div class=\"swiper-slide\" role=\"group\" aria-roledescription=\"slide\" aria-label=\"3 of 3\"><figure class=\"swiper-slide-inner\"><img decoding=\"async\" class=\"swiper-slide-image\" src=\"https:\/\/www.uprrp.edu\/archivouniversitario\/wp-content\/uploads\/sites\/21\/2023\/01\/Traba-Traba-1-242x300.jpg\" alt=\"Marta Traba - Puerto Rico Arts News\" \/><\/figure><\/div>\t\t\t<\/div>\n\t\t\t\t\t\t\t\t\t\t\t\t<div class=\"elementor-swiper-button elementor-swiper-button-prev\" role=\"button\" tabindex=\"0\">\n\t\t\t\t\t\t<svg aria-hidden=\"true\" class=\"e-font-icon-svg e-eicon-chevron-left\" viewBox=\"0 0 1000 1000\" xmlns=\"http:\/\/www.w3.org\/2000\/svg\"><path d=\"M646 125C629 125 613 133 604 142L308 442C296 454 292 471 292 487 292 504 296 521 308 533L604 854C617 867 629 875 646 875 663 875 679 871 692 858 704 846 713 829 713 812 713 796 708 779 692 767L438 487 692 225C700 217 708 204 708 187 708 171 704 154 692 142 675 129 663 125 646 125Z\"><\/path><\/svg>\t\t\t\t\t<\/div>\n\t\t\t\t\t<div class=\"elementor-swiper-button elementor-swiper-button-next\" role=\"button\" tabindex=\"0\">\n\t\t\t\t\t\t<svg aria-hidden=\"true\" class=\"e-font-icon-svg e-eicon-chevron-right\" viewBox=\"0 0 1000 1000\" xmlns=\"http:\/\/www.w3.org\/2000\/svg\"><path d=\"M696 533C708 521 713 504 713 487 713 471 708 454 696 446L400 146C388 133 375 125 354 125 338 125 325 129 313 142 300 154 292 171 292 187 292 204 296 221 308 233L563 492 304 771C292 783 288 800 288 817 288 833 296 850 308 863 321 871 338 875 354 875 371 875 388 867 400 854L696 533Z\"><\/path><\/svg>\t\t\t\t\t<\/div>\n\t\t\t\t\n\t\t\t\t\t\t\t\t\t<div class=\"swiper-pagination\"><\/div>\n\t\t\t\t\t\t\t\t\t<\/div>\n\t\t\t\t\t\t<\/div>\n\t\t\t\t<\/div>\n\t\t\t\t<div class=\"elementor-element elementor-element-146c529f elementor-widget elementor-widget-text-editor\" data-id=\"146c529f\" data-element_type=\"widget\" data-e-type=\"widget\" data-widget_type=\"text-editor.default\">\n\t\t\t\t<div class=\"elementor-widget-container\">\n\t\t\t\t\t\t\t\t\t<h3 style=\"text-align: center\"><a href=\"https:\/\/www.uprrp.edu\/archivouniversitario\/wp-content\/uploads\/sites\/21\/2023\/01\/Basso-Ana-Margarita-1959.jpg\">Ana Margarita Bass\u00f3 Bruno<\/a><\/h3><p style=\"text-align: center\"><strong>Escultora<\/strong><\/p><p>Ana Margarita Bass\u00f3 Bruno, nace en el 1934 en Santurce, Puerto Rico. Obtuvo su bachillerato en Artes con un \u201cmajor\u201d en Psicolog\u00eda de la Universidad de Puerto Rico en 1956 y con una beca de la Universidad de Puerto Rico, curs\u00f3 dos a\u00f1os de estudio en el Comit\u00e9 de Desarrollo Humano para la obtenci\u00f3n del t\u00edtulo de <em>Master<\/em>, de la Univeridad de Chicago, falt\u00e1ndole solo la terminaci\u00f3n de la tesis.<\/p><p>Comenz\u00f3 en la Universidad de Puerto Rico en el 1959 como Auxiliar de Investigaciones e instructora en el Departamento de Psicolog\u00eda de la Facultad de Ciencias Sociales hasta el 1962, durante este periodo, ofreci\u00f3 cursos de Psicolog\u00eda 101 en la Extensi\u00f3n Nocturna en el Recinto de R\u00edo Piedras y en la secci\u00f3n de Extramuros en el Recinto de Humacao, de la Universidad de Puerto Rico (1960-61). En agosto de 1961 a junio de 1962, solicita una licencia para cursar estudios en el Instituto de Bellas Artes de Florencia, en Italia, curso privado de escultura en m\u00e1rmol. Durante el 1963 al 1967, obtuvo el diploma\/licencia, con equivalencia como m\u00ednimo de <em>master <\/em>en Estados Unidos, de la Academia Di Belle Arti de Brera, Mil\u00e1m, Italia. Los cursos que recibi\u00f3 fueron, escultura, anatom\u00eda humana, historia del arte, monogr\u00e1fico de historia del arte, t\u00e9cnica de la escultura, dibujo del desnudo, tesis de historia del arte, adem\u00e1s de electivas como, grabado al agua fuerte y pintura.<\/p><p>En el 1962 renuncia a la Universidad de Puerto Rico y en el 1968 regresa como conferenciante a medio tiempo en el Departamento de Bellas Artes de la Facultad de Humanidades, donde dict\u00f3 los cursos de Arte 104 y 105. Entre sus viajes de estudio, visit\u00f3 Europa Occidental y Oriental, incluyendo casi todas las Islas del Mediterr\u00e1neo, Islas Canarias, Turqu\u00eda y Marruecos, Venezuela, Curazao, Ecuador, Hait\u00ed y Estados Unidos. Renuncia a la Universidad de Puerto Rico en el 1969.<\/p><p>\u00a0<\/p><h3 style=\"text-align: center\"><a href=\"https:\/\/www.uprrp.edu\/archivouniversitario\/wp-content\/uploads\/sites\/21\/2023\/01\/Geigel-Luisa-1968.jpg\">Luisa G\u00e9igel de Gand\u00eda (Brunet)<\/a><\/h3><p style=\"text-align: center\">Pionera en Artes Pl\u00e1sticas: Escultura, Pintura, Dibujo, vanguardista<\/p><p>Luisa Encarnaci\u00f3n Micaela Mar\u00eda Geigel y Brunet, nace en el 1916 en San Juan, Puerto Rico. Ense\u00f1a escultura, dibujo y anatom\u00eda art\u00edstica en la Universidad de Puerto Rico, Recinto de R\u00edo Piedras desde el 1958 al 1986 en la Facultad de Humanidades, Departamento de Bellas Artes. Sus estudios comenzaron en el 1933-1934 en la Escuela de Bellas Artes y Oficios, en Barcelona, Espa\u00f1a; estudiando dibujo y anatom\u00eda, bajo la direcci\u00f3n del profesor Capuz. A la terminaci\u00f3n de dicho a\u00f1o, el director, se\u00f1or Mongrell, en su presencia, entreg\u00f3 a su padre un certificado en el que se le acreditaban haber completado, con la calificaci\u00f3n de &#8220;excelente\u201d, dos a\u00f1os en uno, y una carta de recomendaci\u00f3n para la Academia de San Fernando, en Madrid. Adem\u00e1s, le propuso que la llevara de inmediato a Madrid y que le presentara a las oposiciones para la Medalla de Bronce. Por el fallecimiento de su madre, su padre decidi\u00f3 regresar a Puerto Rico, en 1934, y no pudo, pese a los ruegos de los se\u00f1ores Mongrell y Capuz, continuar sus estudios en Espa\u00f1a.<\/p><p>Del 1935 al 1937 estudio en Estados Unidos en The King-Smith Studio School (un \u201cfinishing school\u201d), para estudiantes mujeres con no menos de dos a\u00f1os de estudios universitarios en Artes Liberales. Estudi\u00f3 pintura al oleo y a la acuarela, pastel y dibujo a pluma, anatom\u00eda y dibujo, en The Phillips Memorial Art Gallery, en Washigton, DC. Esos mismos a\u00f1os estudio escultura (modelado en barro y plastilina, vaciado en yeso, p\u00e1tinas, en Daniel Olney Studio, Washington DC. Del 1937 al 1939, tom\u00f3 clases diarias en The Art Student\u2019s League, en New York de pintura al oleo (\u00e9nfasis en el arte del retrato y del desnudo) y en Jos\u00e9 de Creeft Studio en New York City estudi\u00f3 escultura (talla directa en piedra y madera). Tuvo exposiciones de pintura, exposiciones de escultura en Estados Unidos y en Puerto Rico. Adem\u00e1s, hizo escenograf\u00edas, vestuario y utiler\u00eda para obras de teatro. Fue socia y miembro de la Junta de Directores del Ateneo Puertorrique\u00f1o desde el 1939, presidenta de la Secci\u00f3n de Bellas Artes del Ateneo Puertorrique\u00f1o en 1940 y vicepresidenta de la American Artists Professional en 1941, entre otras. Podemos destacar sus publicaciones: \u201cLindsay Daen\u201d, San Juan PR, (Ensayo sobre el escultor Daen y su obra) 1964 y Campeche: su genealog\u00eda, anatom\u00eda art\u00edstica; entre otras.<\/p><p>La Universidad de Puerto Rico, le concede la equivalencia del grado de maestr\u00eda para efectos de rango y sueldo en 1970 (Certificaci\u00f3n N\u00fam. 25, 1969-70, Junta Administrativa). \u201cEl Comit\u00e9 de Personal y Presupuesto del Departamento de Bellas Artes de la Facultad de Humanidades compuesto por el profesor Osiris Delgado, profesor Rafael Rivera Garc\u00eda y el profesor Arturo V. D\u00e1vila, director del Departamento de Bellas Artes; reconsideraron el expediente y <em>Curriculum Vitae<\/em> de la se\u00f1ora Luisa G\u00e9igel de Gand\u00eda y acordaron recomendar, que se procede a la equiparaci\u00f3n de estudios y grado de maestr\u00eda para efectos de ascenso y sueldo, no tan solo por los estudios y trabajos que ha realizado, sino por su experiencia, m\u00e9ritos y producci\u00f3n. (Carta del 14 de diciembre de 1969 de Arturo V. D\u00e1vila, Director del Departamento de Bellas Artes al Dr. Frederick Sackett, Decano Asociado de la Facultad de Humanidades).<\/p><p>Luisa G\u00e9igel Brunet fue pionera en los campos de la pintura, escultura, dibujo, dise\u00f1o de vestuarios y escenograf\u00edas, dise\u00f1o de vitrales y murales en mosaicos. Adem\u00e1s, realiz\u00f3 importantes proyectos de investigaci\u00f3n sobre la genealog\u00eda de las familias de San Juan. Se distingue como la primera mujer artista completa del siglo XX. Su obra fue de vanguardia por ser una mujer artista que introduce el desnudo femenino en sus pinturas y adem\u00e1s deja a un lado el estilo realista para emplear el estilo cubista en su obra. Sus representaciones se adelantaron a lo que ser\u00eda una de las tem\u00e1ticas fundamentales del feminismo de los a\u00f1os 70 (el reclamo de im\u00e1genes que respondieran a las m\u00faltiples realidades de las mujeres).<\/p><p>La exposici\u00f3n \u201cLuisa G\u00e9igel Brunet 1916-2016: una artista completa\u201d es una publicaci\u00f3n y parte del proyecto Luisa G\u00e9igel Brunet, la artista en la ciudad: pintora, escultora, atene\u00edsta, genealogista, bibli\u00f3fila, profesora y mentora. El mismo fue realizado por el Museo y Centro de Estudios Human\u00edsticos Dra. Josefina Camacho de la Nuez de la Universidad del Turabo en conmemoraci\u00f3n del Centenario de la artista. El libro se encuentra disponible en el Archivo Universitario de la Universidad de Puerto Rico en R\u00edo Piedras.<\/p><p>\u00a0<\/p><h3 style=\"text-align: center\"><a href=\"https:\/\/www.uprrp.edu\/archivouniversitario\/wp-content\/uploads\/sites\/21\/2023\/01\/Geigel-Luisa-1968.jpg\">Marta Traba<\/a><\/h3><p style=\"text-align: center\">Cr\u00edtica de Arte, escritora, exiliada argentina<\/p><p>Marta Traba Ta\u00edn, nacida en Buenos Aires, Argentina en 1930 , comenz\u00f3 en la Universidad de Puerto Rico, ofreciendo clases de Arte hasta el verano de 1971. La invitaci\u00f3n que le hizo la Universidad de Puerto Rico fue para prestar servicios como Conferenciante en el Departamento de Bellas Artes de la Facultad de Humanidades, donde podr\u00eda dictar un curso especializado de historia del Arte Hispanoamericano y dirigir un seminario de cr\u00edtica del arte contempor\u00e1neo.<\/p><p>Marta Traba, obtuvo su doctorado en Filosof\u00eda y Letras de la Universidad de Buenos Aires, Argentina, en 1950, con estudios de postgrado en Ecole du Lovure, Par\u00eds; Institut des Hautes Etudes, Paris, bajo la direcci\u00f3n de Pierre Francastel en los a\u00f1os 1952 al 1954. Fue directora del Departamento de Arte en la Universidad de Am\u00e9rica en Colombia en 1955 y en el 1958 al 1966 ofreci\u00f3 C\u00e1tedra de Arte de la Universidad de Los Andes en Colombia. En 1966, fue directora de Cultura de la Universidad Nacional, en Bogot\u00e1, Colombia. En 1956 al 1967 tom\u00f3 cursos de arte televisados y cr\u00edtica de exposiciones en la televisi\u00f3n y del 1956 al 1967, cr\u00edtica de arte semanal en los diarios \u201cEl Tiempo\u201d, \u201cEl Espectador\u201d, \u201cSemana\u201d, \u201cLa Nueva Prensa\u201d, (Semanales, de Bogot\u00e1 Colombia). En 1958, funda y dirige la revista de arte \u201cPrismas\u201d y en 1969, cr\u00edtica semanal en \u201cMarcha\u201d, Montevideo, Uruguay.<\/p><p>Particip\u00f3 de los seminarios y congresos desde el 1963 al 1970;\u00a0 Arte Actual Latinoamericano, Ciclo de Conferencias en el Museo de Bellas Artes de Venezuela, auspicio del Instituto de Cultura y Bellas Artes de Venezuela. El mismo ciclo, en Casa de la Cultura en Quito, Ecuador, el mismo ciclo, en la Universidad Nacional Aut\u00f3noma de M\u00e9xico. Symposium del Interamerican Foundation of Arts, tres a\u00f1os consecutivos, en las ciudades de San Juan, Puerto Rico, Nueva York y M\u00e9xico. Arte de Am\u00e9rica Latina, ciclo de conferencias en la Universidad de Ingenier\u00eda, Lima, Per\u00fa y el Congreso de Escritores, Santiago de Chile, Vi\u00f1a del Mar, Chile en 1969.<\/p><p>En 1969 obtuvo una beca de Guggenheim, para preparar un libro sobre el estado actual de las artes en Latinoam\u00e9rica. Entre sus investigaciones podemos indicar, Movimientos creativos en Am\u00e9rica Latina de 1940 a 1960, investigaci\u00f3n para Yale University en 1966 y El Arte en Colombia, en el siglo XX, investigaci\u00f3n para Harvard University en 1967.<\/p><p>Los cursos que dict\u00f3 en la Universidad de Puerto Rico fueron Arte 201, Arte 213 y Arte 365. En verano de 1971, dict\u00f3 los cursos de Arte 201 y Arte 202. Entre sus obras, podemos destacar, <em>Historia Natural de la Alegr\u00eda,<\/em> Buenos Aires: Editorial Losada, 1952 (poes\u00eda); <em>El Museo Vac\u00edo<\/em>, 1958; <em>Arte en Colombia<\/em>, 1960; <em>Seis Artistas Contempor\u00e1neos Colombianos<\/em>, 1963; <em>Los Cuatro Monstruos Cardinales<\/em>, 1965; <em>Las Ceremonias del Verano<\/em>, Pr\u00f3logo de Mario Benedetti; <em>La Habana: Casa de las Am\u00e9ricas<\/em>, 1966. 2.\u00aa edici\u00f3n: Buenos Aires: Jorge \u00c1lvarez, 1966. 3.\u00aa edici\u00f3n: Barcelona: Montesinos Editor, 1981; <em>Premio de Literatura de la Casa de las Am\u00e9ricas,<\/em> novela, Cuba; <em>Los laberintos insolados<\/em>; Barcelona: Editorial Seix Barral, 1967 (novela); <em>Pas\u00f3 as\u00ed,<\/em>\u00a0Montevideo: Ed. Arca, 1968 (cuentos); <em>La Jugada del d\u00eda sexto<\/em>, Santiago de Chile: Ed. Universitaria, 1969 (novela); <em>Dos d\u00e9cadas vulnerables en las artes pl\u00e1sticas<\/em> <em>latinoamericanas<\/em> (1950-1970), M\u00e9xico, 1973 y <em>Mirar En Caracas,<\/em>\u00a0Caracas: Monte \u00c1vila Editores, 1974; entre otras m\u00e1s.<\/p><p>Marta Traba public\u00f3 otros vol\u00famenes sobre historia y cr\u00edtica de arte, as\u00ed como numerosos art\u00edculos en peri\u00f3dicos y revistas sobre ese mismo tema. La Universidad de Puerto Rico, se enorgullece de haber tenido a Marta Traba.<\/p><p>(fotograf\u00eda de Puerto Rico Arts News)<\/p>\t\t\t\t\t\t\t\t<\/div>\n\t\t\t\t<\/div>\n\t\t\t\t\t<\/div>\n\t\t<\/div>\n\t\t\t\t\t<\/div>\n\t\t<\/section>\n\t\t\t\t<\/div>\n\t\t","protected":false},"excerpt":{"rendered":"<p>\/*! elementor &#8211; v3.9.2 &#8211; 21-12-2022 *\/ .elementor-widget-image-carousel .swiper-container{position:static}.elementor-widget-image-carousel .swiper-container .swiper-slide figure{line-height:inherit}.elementor-widget-image-carousel .swiper-slide{text-align:center}.elementor-image-carousel-wrapper:not(.swiper-container-initialized) .swiper-slide{max-width:calc(100% \/ var(&#8211;e-image-carousel-slides-to-show, 3))} Previous Next Ana Margarita Bass\u00f3 Bruno Escultora Ana Margarita Bass\u00f3 Bruno, nace en el 1934 en Santurce, Puerto Rico. Obtuvo su bachillerato en &hellip; <\/p>\n","protected":false},"author":43,"featured_media":0,"parent":16990,"menu_order":0,"comment_status":"closed","ping_status":"closed","template":"","meta":{"_monsterinsights_skip_tracking":false,"_monsterinsights_sitenote_active":false,"_monsterinsights_sitenote_note":"","_monsterinsights_sitenote_category":0,"_FSMCFIC_featured_image_caption":"","_FSMCFIC_featured_image_nocaption":"","_FSMCFIC_featured_image_hide":"","footnotes":""},"class_list":["post-17647","page","type-page","status-publish","hentry"],"_links":{"self":[{"href":"https:\/\/www.uprrp.edu\/archivouniversitario\/wp-json\/wp\/v2\/pages\/17647","targetHints":{"allow":["GET"]}}],"collection":[{"href":"https:\/\/www.uprrp.edu\/archivouniversitario\/wp-json\/wp\/v2\/pages"}],"about":[{"href":"https:\/\/www.uprrp.edu\/archivouniversitario\/wp-json\/wp\/v2\/types\/page"}],"author":[{"embeddable":true,"href":"https:\/\/www.uprrp.edu\/archivouniversitario\/wp-json\/wp\/v2\/users\/43"}],"replies":[{"embeddable":true,"href":"https:\/\/www.uprrp.edu\/archivouniversitario\/wp-json\/wp\/v2\/comments?post=17647"}],"version-history":[{"count":6,"href":"https:\/\/www.uprrp.edu\/archivouniversitario\/wp-json\/wp\/v2\/pages\/17647\/revisions"}],"predecessor-version":[{"id":17934,"href":"https:\/\/www.uprrp.edu\/archivouniversitario\/wp-json\/wp\/v2\/pages\/17647\/revisions\/17934"}],"up":[{"embeddable":true,"href":"https:\/\/www.uprrp.edu\/archivouniversitario\/wp-json\/wp\/v2\/pages\/16990"}],"wp:attachment":[{"href":"https:\/\/www.uprrp.edu\/archivouniversitario\/wp-json\/wp\/v2\/media?parent=17647"}],"curies":[{"name":"wp","href":"https:\/\/api.w.org\/{rel}","templated":true}]}}