{"id":18303,"date":"2023-02-27T18:33:02","date_gmt":"2023-02-27T18:33:02","guid":{"rendered":"https:\/\/www.uprrp.edu\/archivouniversitario\/?page_id=18303"},"modified":"2024-09-30T17:31:58","modified_gmt":"2024-09-30T17:31:58","slug":"archivos-centros-de-investigacion-seminarios-y-el-museo-del-recinto-de-rio-piedras","status":"publish","type":"page","link":"https:\/\/www.uprrp.edu\/archivouniversitario\/inicio\/archivos-centros-de-investigacion-seminarios-y-el-museo-del-recinto-de-rio-piedras\/","title":{"rendered":"Archivos, Centros de Investigaci\u00f3n, Seminarios y el Museo del Recinto de R\u00edo Piedras"},"content":{"rendered":"\t\t<div data-elementor-type=\"wp-page\" data-elementor-id=\"18303\" class=\"elementor elementor-18303\">\n\t\t\t\t\t\t<section class=\"elementor-section elementor-top-section elementor-element elementor-element-5ac5e698 elementor-section-boxed elementor-section-height-default elementor-section-height-default\" data-id=\"5ac5e698\" data-element_type=\"section\" data-e-type=\"section\">\n\t\t\t\t\t\t<div class=\"elementor-container elementor-column-gap-default\">\n\t\t\t\t\t<div class=\"elementor-column elementor-col-100 elementor-top-column elementor-element elementor-element-4f86861d\" data-id=\"4f86861d\" data-element_type=\"column\" data-e-type=\"column\">\n\t\t\t<div class=\"elementor-widget-wrap elementor-element-populated\">\n\t\t\t\t\t\t<div class=\"elementor-element elementor-element-56a0d317 elementor-drop-cap-yes elementor-widget__width-initial elementor-drop-cap-view-default elementor-widget elementor-widget-text-editor\" data-id=\"56a0d317\" data-element_type=\"widget\" data-e-type=\"widget\" data-settings=\"{&quot;drop_cap&quot;:&quot;yes&quot;}\" data-widget_type=\"text-editor.default\">\n\t\t\t\t<div class=\"elementor-widget-container\">\n\t\t\t\t\t\t\t\t\t<p>Esta secci\u00f3n est\u00e1 creada para difundir los Archivos, Centros de Investigaci\u00f3n y Seminarios que tienen documentos, mapas, fotograf\u00edas, colecciones y otro material de inter\u00e9s para los investigadores, profesores y estudiantes en busca de informaci\u00f3n relacionada a la Universidad de Puerto Rico y donaciones que la Universidad ha adquirido.<\/p><p>\u00a0<\/p>\t\t\t\t\t\t\t\t<\/div>\n\t\t\t\t<\/div>\n\t\t\t\t\t<\/div>\n\t\t<\/div>\n\t\t\t\t\t<\/div>\n\t\t<\/section>\n\t\t\t\t<section class=\"elementor-section elementor-top-section elementor-element elementor-element-c8e8bac elementor-section-boxed elementor-section-height-default elementor-section-height-default\" data-id=\"c8e8bac\" data-element_type=\"section\" data-e-type=\"section\">\n\t\t\t\t\t\t<div class=\"elementor-container elementor-column-gap-default\">\n\t\t\t\t\t<div class=\"elementor-column elementor-col-100 elementor-top-column elementor-element elementor-element-f3f8da7\" data-id=\"f3f8da7\" data-element_type=\"column\" data-e-type=\"column\">\n\t\t\t<div class=\"elementor-widget-wrap elementor-element-populated\">\n\t\t\t\t\t\t<div class=\"elementor-element elementor-element-fa78e13 elementor-widget-divider--view-line elementor-widget elementor-widget-divider\" data-id=\"fa78e13\" data-element_type=\"widget\" data-e-type=\"widget\" data-widget_type=\"divider.default\">\n\t\t\t\t<div class=\"elementor-widget-container\">\n\t\t\t\t\t\t\t<div class=\"elementor-divider\">\n\t\t\t<span class=\"elementor-divider-separator\">\n\t\t\t\t\t\t<\/span>\n\t\t<\/div>\n\t\t\t\t\t\t<\/div>\n\t\t\t\t<\/div>\n\t\t\t\t\t<\/div>\n\t\t<\/div>\n\t\t\t\t\t<\/div>\n\t\t<\/section>\n\t\t<div class=\"elementor-element elementor-element-4f6008b e-grid e-con-boxed e-con e-parent\" data-id=\"4f6008b\" data-element_type=\"container\" data-e-type=\"container\">\n\t\t\t\t\t<div class=\"e-con-inner\">\n\t\t\t\t<div class=\"elementor-element elementor-element-be2750a elementor-widget elementor-widget-text-editor\" data-id=\"be2750a\" data-element_type=\"widget\" data-e-type=\"widget\" data-widget_type=\"text-editor.default\">\n\t\t\t\t<div class=\"elementor-widget-container\">\n\t\t\t\t\t\t\t\t\t<p><strong>Escuela de Arquitectura<\/strong><\/p><p><a href=\"https:\/\/earq.uprrp.edu\/investigacion\/aacupr\/\"><strong>Archivo de Arquitectura y Construcci\u00f3n de la UPR<\/strong><\/a>\u00a0(AACUPR)<\/p><p><a href=\"mailto:elena.garcia@upr.edu\">Elena M. Garc\u00eda<\/a>\u00a0\u2013 Archivera<\/p><p>Ext. 87836, 87838, 87840<\/p>\t\t\t\t\t\t\t\t<\/div>\n\t\t\t\t<\/div>\n\t\t\t\t<div class=\"elementor-element elementor-element-261d241 elementor-widget elementor-widget-text-editor\" data-id=\"261d241\" data-element_type=\"widget\" data-e-type=\"widget\" data-widget_type=\"text-editor.default\">\n\t\t\t\t<div class=\"elementor-widget-container\">\n\t\t\t\t\t\t\t\t\t<p><strong>Escuela de Derecho<\/strong><\/p><p><a href=\"https:\/\/www.upr.edu\/biblioteca-dupr\/bd-derecho-sala-de-documentos-judiciales-y-colecciones-especiales\/\"><strong>Sala de Documentos Judiciales y Colecciones Especiales<\/strong><\/a><\/p><p><a href=\"mailto:jose.morales38@upr.edu\">Jos\u00e9 H. Morales Cardona<\/a>\u00a0\u2013 Archivero<\/p><p>Tel. 787-999-9719<\/p>\t\t\t\t\t\t\t\t<\/div>\n\t\t\t\t<\/div>\n\t\t\t\t<div class=\"elementor-element elementor-element-6b36682 elementor-widget elementor-widget-text-editor\" data-id=\"6b36682\" data-element_type=\"widget\" data-e-type=\"widget\" data-widget_type=\"text-editor.default\">\n\t\t\t\t<div class=\"elementor-widget-container\">\n\t\t\t\t\t\t\t\t\t<p><strong>Facultad de Ciencias Sociales<\/strong><\/p><p><a href=\"https:\/\/sociales.uprrp.edu\/iec\/archivo-cisoc\/\"><strong>Archivo de Ciencias Sociales del Caribe<\/strong>\u00a0<\/a>(ACSC)<\/p><p>Jorge Giovannetti \u2013 Coordinador \u2013 87705, 85909, 85906<\/p><p>Am\u00edlcar Tirado Avil\u00e9s, Ext. 85906<\/p>\t\t\t\t\t\t\t\t<\/div>\n\t\t\t\t<\/div>\n\t\t\t\t<div class=\"elementor-element elementor-element-c708757 elementor-widget elementor-widget-text-editor\" data-id=\"c708757\" data-element_type=\"widget\" data-e-type=\"widget\" data-widget_type=\"text-editor.default\">\n\t\t\t\t<div class=\"elementor-widget-container\">\n\t\t\t\t\t\t\t\t\t<p><strong>Facultad de Comunicaci\u00f3n e Informaci\u00f3n<\/strong><\/p><p><a href=\"https:\/\/faci.uprrp.edu\/archivo\/\"><strong>\u00a0<\/strong><strong>Archivo de Medios Audiovisuales<\/strong><\/a><\/p><p><a href=\"mailto:osvaldo.rivera1@upr.edu\">Osvaldo Rivera Soto<\/a><\/p><p>Ext. 85557, 85555<\/p>\t\t\t\t\t\t\t\t<\/div>\n\t\t\t\t<\/div>\n\t\t\t\t<div class=\"elementor-element elementor-element-d3a684f elementor-widget elementor-widget-text-editor\" data-id=\"d3a684f\" data-element_type=\"widget\" data-e-type=\"widget\" data-widget_type=\"text-editor.default\">\n\t\t\t\t<div class=\"elementor-widget-container\">\n\t\t\t\t\t\t\t\t\t<p><strong>Escuela Graduada de Planificaci\u00f3n<\/strong><\/p><p><a href=\"http:\/\/planificacion.uprrp.edu\/biblioteca-dr-rafael-pico-santiago\/\"><strong>Biblioteca Dr. Rafael Pic\u00f3 Santiago<\/strong><\/a><\/p><p><a href=\"mailto:samuel.quintana@upr.edu\">Dr. Miguel A. Santiago Rivera<\/a>\u00a0\u2013 Bibliotecario Jefe<\/p><p>Ext. 85500<\/p>\t\t\t\t\t\t\t\t<\/div>\n\t\t\t\t<\/div>\n\t\t\t\t<div class=\"elementor-element elementor-element-e95545f elementor-widget elementor-widget-text-editor\" data-id=\"e95545f\" data-element_type=\"widget\" data-e-type=\"widget\" data-widget_type=\"text-editor.default\">\n\t\t\t\t<div class=\"elementor-widget-container\">\n\t\t\t\t\t\t\t\t\t<p><strong>Facultad de Estudios Generales<\/strong>\u00a0\u2013 Ext. 88601<\/p><p><a href=\"https:\/\/generales.uprrp.edu\/umbral\/\">Umbral<\/a>\u00a0&#8211;\u00a0<strong>Archivo de la Palabra<\/strong>\u00a0\u2013\u00a0<a href=\"mailto:victor.ruiz2@upr.edu\">V\u00edctor Ruiz Rivera<\/a>\u00a0\u2013 Coordinador Ext. 88989<\/p><p><a href=\"https:\/\/generales.uprrp.edu\/biblioteca\/\">Biblioteca \u00c1ngel Quintero Alfaro<\/a>\u00a0\u2013\u00a0<a href=\"mailto:nancy.abreu1@upr.edu\">Nancy Abreu B\u00e1ez<\/a>, directora Ext. 85940, 85943, 85949<\/p><p><strong>Proyecto de Diversificaci\u00f3n acad\u00e9mica en Estudios de Afrodescendencia y Racializaci\u00f3n<\/strong>\u2013\u00a0<a href=\"mailto:mayra.santosfebres@gmail.com\">Mayra Santos Febres<\/a>\u00a0\u2013 Ext. 88787<\/p><p><strong>Humanidades Digitales<\/strong>\u00a0\u2013\u00a0<a href=\"https:\/\/www.uprcaribedigital.org\/acerca-de\/proyecto\/\">UPR Caribe Digital<\/a>\u00a0\u00a0<\/p>\t\t\t\t\t\t\t\t<\/div>\n\t\t\t\t<\/div>\n\t\t\t\t<div class=\"elementor-element elementor-element-1282e5b elementor-widget elementor-widget-text-editor\" data-id=\"1282e5b\" data-element_type=\"widget\" data-e-type=\"widget\" data-widget_type=\"text-editor.default\">\n\t\t\t\t<div class=\"elementor-widget-container\">\n\t\t\t\t\t\t\t\t\t<p><strong>Facultad de Humanidades<\/strong><\/p><ul><li>Centro de Investigaciones Hist\u00f3ricas ext. 89671, 89673<\/li><\/ul><p><a href=\"mailto:yadira.tirado@upr.edu\">Yadira Tirado<\/a>, Archivera y\u00a0<a href=\"mailto:josue.caamano@upr.edu\">Josu\u00e9 Caama\u00f1o<\/a><\/p><ul><li><a href=\"https:\/\/www.upr.edu\/biblioteca-uprrp-semmulti\/\">Seminario Multidisciplinario de informaci\u00f3n y documentaci\u00f3n Jos\u00e9 Emilio Gonz\u00e1lez<\/a><\/li><\/ul><p><a href=\"mailto:jose.robledo2@upr.edu\">Jos\u00e9 A. Robledo Gonz\u00e1lez<\/a>, director, ext. 89684, 89681<\/p><ul><li><a href=\"http:\/\/humanidades.uprrp.edu\/seminariofedericodeonis\/\">Seminario Federico de On\u00eds<\/a>\u00a0\u2013 Dr. Miguel \u00c1ngel N\u00e1ter, director, Ext. 89514 \u2013\u00a0<a href=\"https:\/\/drive.google.com\/file\/d\/0B9kKEtmktlllWkp2c2NyczBSNldFUW1MdmNkVmJRdw\/view?resourcekey=0-uCMuy1UMZR4XSQQPe2vuLA\">Archivo de Don Federico de On\u00eds<\/a>\u00a0\u2013\u00a0<\/li><li>\u00a0<a href=\"http:\/\/humanidades.uprrp.edu\/ingles\/?page_id=71\">Seminario Lewis C. Richardson<\/a>\u00a0\u2013 Dr. Rick Swope, director, Ext. 89661, 89664 &#8211;\u00a0<a href=\"http:\/\/136.145.223.21\/ingles\/?page_id=4051\">Collection<\/a>\u00a0\u2013 Digital Audiovisual Archives<\/li><li><a href=\"http:\/\/humanidades.uprrp.edu\/seminariofilosofia\/\">Seminario de Filosof\u00eda Ludwig Schajowicz<\/a><\/li><\/ul>\t\t\t\t\t\t\t\t<\/div>\n\t\t\t\t<\/div>\n\t\t\t\t<div class=\"elementor-element elementor-element-fbc3f78 elementor-widget elementor-widget-text-editor\" data-id=\"fbc3f78\" data-element_type=\"widget\" data-e-type=\"widget\" data-widget_type=\"text-editor.default\">\n\t\t\t\t<div class=\"elementor-widget-container\">\n\t\t\t\t\t\t\t\t\t<p><b>Museo<\/b><\/p><ul><li><b><a href=\"http:\/\/museo.uprrp.edu\/museo\/\">Museo de Historia, Antropolog\u00eda y Arte<\/a><\/b><\/li><\/ul><p><a href=\"mailto:flavia.marichal@upr.edu\">Flavia Marichal Lugo<\/a>, Directora, ext. 83109<\/p><ul><li><a href=\"http:\/\/museo.uprrp.edu\/centro-de-investigacion-arqueologica\/\">Centro de Documentaci\u00f3n y Arte Puertorrique\u00f1o<\/a><\/li><\/ul><p><a href=\"mailto:jesica.valiente1@upr.edu\">Jessica Valiente<\/a>\u00a0Rivera ext. 83083<\/p><ul><li><a href=\"http:\/\/museo.uprrp.edu\/museo\/cia\/\">Centro de Investigaciones Arqueol\u00f3gicas<\/a><\/li><\/ul><p><a href=\"mailto:ivonne.narganes@upr.edu\">Yvonne Narganes Storde<\/a>\u00a0\u2013 ext. 83099, 83098<\/p>\t\t\t\t\t\t\t\t<\/div>\n\t\t\t\t<\/div>\n\t\t\t\t<div class=\"elementor-element elementor-element-e020887 elementor-widget elementor-widget-text-editor\" data-id=\"e020887\" data-element_type=\"widget\" data-e-type=\"widget\" data-widget_type=\"text-editor.default\">\n\t\t\t\t<div class=\"elementor-widget-container\">\n\t\t\t\t\t\t\t\t\t<p><b>Biblioteca<\/b><\/p><p><strong><a href=\"https:\/\/www.upr.edu\/biblioteca-rrp\/biblioteca-y-colecciones\/\">Biblioteca Jos\u00e9 M. L\u00e1za<\/a>ro<\/strong><\/p><p>\u00a0<\/p>\t\t\t\t\t\t\t\t<\/div>\n\t\t\t\t<\/div>\n\t\t\t\t\t<\/div>\n\t\t\t\t<\/div>\n\t\t<div class=\"elementor-element elementor-element-6f50841 e-flex e-con-boxed e-con e-parent\" data-id=\"6f50841\" data-element_type=\"container\" data-e-type=\"container\">\n\t\t\t\t\t<div class=\"e-con-inner\">\n\t\t\t\t\t<\/div>\n\t\t\t\t<\/div>\n\t\t\t\t<\/div>\n\t\t","protected":false},"excerpt":{"rendered":"<p>Esta secci\u00f3n est\u00e1 creada para difundir los Archivos, Centros de Investigaci\u00f3n y Seminarios que tienen documentos, mapas, fotograf\u00edas, colecciones y otro material de inter\u00e9s para los investigadores, profesores y estudiantes en busca de informaci\u00f3n relacionada a la Universidad de Puerto &hellip; <\/p>\n","protected":false},"author":43,"featured_media":0,"parent":15392,"menu_order":0,"comment_status":"closed","ping_status":"closed","template":"","meta":{"_monsterinsights_skip_tracking":false,"_monsterinsights_sitenote_active":false,"_monsterinsights_sitenote_note":"","_monsterinsights_sitenote_category":0,"_FSMCFIC_featured_image_caption":"","_FSMCFIC_featured_image_nocaption":"","_FSMCFIC_featured_image_hide":"","footnotes":""},"class_list":["post-18303","page","type-page","status-publish","hentry"],"_links":{"self":[{"href":"https:\/\/www.uprrp.edu\/archivouniversitario\/wp-json\/wp\/v2\/pages\/18303","targetHints":{"allow":["GET"]}}],"collection":[{"href":"https:\/\/www.uprrp.edu\/archivouniversitario\/wp-json\/wp\/v2\/pages"}],"about":[{"href":"https:\/\/www.uprrp.edu\/archivouniversitario\/wp-json\/wp\/v2\/types\/page"}],"author":[{"embeddable":true,"href":"https:\/\/www.uprrp.edu\/archivouniversitario\/wp-json\/wp\/v2\/users\/43"}],"replies":[{"embeddable":true,"href":"https:\/\/www.uprrp.edu\/archivouniversitario\/wp-json\/wp\/v2\/comments?post=18303"}],"version-history":[{"count":56,"href":"https:\/\/www.uprrp.edu\/archivouniversitario\/wp-json\/wp\/v2\/pages\/18303\/revisions"}],"predecessor-version":[{"id":18878,"href":"https:\/\/www.uprrp.edu\/archivouniversitario\/wp-json\/wp\/v2\/pages\/18303\/revisions\/18878"}],"up":[{"embeddable":true,"href":"https:\/\/www.uprrp.edu\/archivouniversitario\/wp-json\/wp\/v2\/pages\/15392"}],"wp:attachment":[{"href":"https:\/\/www.uprrp.edu\/archivouniversitario\/wp-json\/wp\/v2\/media?parent=18303"}],"curies":[{"name":"wp","href":"https:\/\/api.w.org\/{rel}","templated":true}]}}